{"id":71,"date":"2020-03-02T15:01:49","date_gmt":"2020-03-02T15:01:49","guid":{"rendered":"http:\/\/www.forosolidario.org\/?page_id=71"},"modified":"2020-03-04T14:20:37","modified_gmt":"2020-03-04T14:20:37","slug":"en-solidaridad-con-el-pueblo-de-guinea-ecuatorial","status":"publish","type":"page","link":"https:\/\/www.forosolidario.org\/","title":{"rendered":"En solidaridad con el pueblo de Guinea Ecuatorial"},"content":{"rendered":"\n<h2>FORO SOLIDARIO POR GUINEA ECUATORIAL<\/h2>\n\n\n\n<p>Aqu\u00ed estamos, desde el a\u00f1o 2002, cuando en marzo una oleada de detenciones arbitrarias de m\u00e1s de trescientas personas arras\u00f3 el pa\u00eds, Guinea Ecuatorial, de la mano del dictador Teodoro Obiang Nguema Mbasogo<\/p>\n\n\n\n<figure class=\"wp-block-image\"><a href=\"https:\/\/forosolidario.files.wordpress.com\/2015\/07\/obiang.jpg\"><img src=\"https:\/\/forosolidario.files.wordpress.com\/2015\/07\/obiang.jpg?w=300&amp;h=171\" alt=\"obiang\" class=\"wp-image-3\"\/><\/a><\/figure>\n\n\n\n<p>Tuvimos que recurrir a la organizaci\u00f3n para poder ayudar a los detenidos y para denunciar la grave situaci\u00f3n generada.<\/p>\n\n\n\n<p>18 a\u00f1os despu\u00e9s aqu\u00ed seguimos. Todos los encarcelados est\u00e1n ya libres y otros han fallecido. Sus cuerpos y sus almas est\u00e1n heridos. Luego se sucedieron m\u00e1s oleadas de detenciones, cada pocos a\u00f1os, acusados, como en la primera, de intento de golpe de Estado contra la tiran\u00eda.<\/p>\n\n\n\n<p>Nuestra misi\u00f3n de solidaridad con el sufrido pueblo guineano sigue, hasta que llegue la democracia, la libertad y cesen de ser cotidianas las violaciones de los Derechos Humanos de los guineanos.<\/p>\n\n\n\n<p>Los socios fundadores de nuestra asociaci\u00f3n fueron Celestino Okenve Ndo, Miguel Esono Eman, Alejandro Buika y Luis Ondo Ayang, que se reunieron en 2002 en los locales de la Asociaci\u00f3n Pro Derechos Humanos de Madrid, entonces en la calle Ortega y Gasset, para redactar su intenci\u00f3n de organizarse como asociaci\u00f3n, eligiendo en ese instante el nombre de Foro Solidario Por Guinea Ecuatorial.<\/p>\n\n\n<p><!--EndFragment--><br \/><br \/><\/p><div class=\"fix_button_wrapper\">\n\t\t<iframe src=\"http:\/\/fixmedia.org\/services\/fixit?url=https:\/\/www.forosolidario.org\/\" scrolling=\"no\"\n\t\tframeborder=\"0\" style=\"border:none; overflow:hidden; width:100px; height:23px;\"\n\t\tallowTransparency=\"true\"><\/iframe><\/div>\n\t","protected":false},"excerpt":{"rendered":"<p>FORO SOLIDARIO POR GUINEA ECUATORIAL Aqu\u00ed estamos, desde el a\u00f1o 2002, cuando en marzo una oleada de detenciones arbitrarias de m\u00e1s de trescientas personas arras\u00f3 el pa\u00eds, Guinea Ecuatorial, de la mano del dictador Teodoro Obiang Nguema Mbasogo Tuvimos que recurrir a la organizaci\u00f3n para poder ayudar a los detenidos y para denunciar la grave [&hellip;]<\/p>\n","protected":false},"author":1,"featured_media":0,"parent":0,"menu_order":0,"comment_status":"closed","ping_status":"closed","template":"","meta":[],"uagb_featured_image_src":{"full":false,"thumbnail":false,"medium":false,"medium_large":false,"large":false,"1536x1536":false,"2048x2048":false,"charitas-lite-small-thumb":false,"charitas-lite-medium-thumb":false,"charitas-lite-big-thumb":false},"uagb_author_info":{"display_name":"cokenve","author_link":"https:\/\/www.forosolidario.org\/?author=1"},"uagb_comment_info":0,"uagb_excerpt":"FORO SOLIDARIO POR GUINEA ECUATORIAL Aqu\u00ed estamos, desde el a\u00f1o 2002, cuando en marzo una oleada de detenciones arbitrarias de m\u00e1s de trescientas personas arras\u00f3 el pa\u00eds, Guinea Ecuatorial, de la mano del dictador Teodoro Obiang Nguema Mbasogo Tuvimos que recurrir a la organizaci\u00f3n para poder ayudar a los detenidos y para denunciar la grave&hellip;","_links":{"self":[{"href":"https:\/\/www.forosolidario.org\/index.php?rest_route=\/wp\/v2\/pages\/71"}],"collection":[{"href":"https:\/\/www.forosolidario.org\/index.php?rest_route=\/wp\/v2\/pages"}],"about":[{"href":"https:\/\/www.forosolidario.org\/index.php?rest_route=\/wp\/v2\/types\/page"}],"author":[{"embeddable":true,"href":"https:\/\/www.forosolidario.org\/index.php?rest_route=\/wp\/v2\/users\/1"}],"replies":[{"embeddable":true,"href":"https:\/\/www.forosolidario.org\/index.php?rest_route=%2Fwp%2Fv2%2Fcomments&post=71"}],"version-history":[{"count":3,"href":"https:\/\/www.forosolidario.org\/index.php?rest_route=\/wp\/v2\/pages\/71\/revisions"}],"predecessor-version":[{"id":79,"href":"https:\/\/www.forosolidario.org\/index.php?rest_route=\/wp\/v2\/pages\/71\/revisions\/79"}],"wp:attachment":[{"href":"https:\/\/www.forosolidario.org\/index.php?rest_route=%2Fwp%2Fv2%2Fmedia&parent=71"}],"curies":[{"name":"wp","href":"https:\/\/api.w.org\/{rel}","templated":true}]}}